{"id":2167,"date":"2020-12-16T03:27:33","date_gmt":"2020-12-16T02:27:33","guid":{"rendered":"https:\/\/wasserstoffkongress-grossregion.net\/arrivee-parking"},"modified":"2024-06-21T12:07:20","modified_gmt":"2024-06-21T10:07:20","slug":"arrivee-parking","status":"publish","type":"page","link":"https:\/\/wasserstoffkongress-grossregion.net\/fr\/arrivee-parking","title":{"rendered":"Acc\u00e8s &amp; parking"},"content":{"rendered":"\t\t<div data-elementor-type=\"wp-page\" data-elementor-id=\"2167\" class=\"elementor elementor-2167 elementor-558\" data-elementor-post-type=\"page\">\n\t\t\t\t<div class=\"elementor-element elementor-element-7332a53 e-flex e-con-boxed e-con e-parent\" data-id=\"7332a53\" data-element_type=\"container\" data-settings=\"{&quot;background_background&quot;:&quot;classic&quot;}\">\n\t\t\t\t\t<div class=\"e-con-inner\">\n\t\t<div class=\"elementor-element elementor-element-1f0a0c9 e-con-full e-flex e-con e-child\" data-id=\"1f0a0c9\" data-element_type=\"container\">\n\t\t\t\t<div class=\"elementor-element elementor-element-aaffbb8 elementor-widget elementor-widget-heading\" data-id=\"aaffbb8\" data-element_type=\"widget\" data-widget_type=\"heading.default\">\n\t\t\t\t<div class=\"elementor-widget-container\">\n\t\t\t<h6 class=\"elementor-heading-title elementor-size-default\">Acc\u00e8s &amp; parking<\/h6>\t\t<\/div>\n\t\t\t\t<\/div>\n\t\t<div class=\"elementor-element elementor-element-1fdd18e e-flex e-con-boxed e-con e-child\" data-id=\"1fdd18e\" data-element_type=\"container\" data-settings=\"{&quot;background_background&quot;:&quot;classic&quot;}\">\n\t\t\t\t\t<div class=\"e-con-inner\">\n\t\t\t\t<div class=\"elementor-element elementor-element-60224da elementor-widget__width-initial elementor-widget elementor-widget-heading\" data-id=\"60224da\" data-element_type=\"widget\" data-widget_type=\"heading.default\">\n\t\t\t\t<div class=\"elementor-widget-container\">\n\t\t\t<h1 class=\"elementor-heading-title elementor-size-default\">Comment se rendre \u00e0 l'\u00e9v\u00e9nement et o\u00f9 se garer ?<\/h1>\t\t<\/div>\n\t\t\t\t<\/div>\n\t\t\t\t\t<\/div>\n\t\t\t\t<\/div>\n\t\t\t\t<\/div>\n\t\t\t\t\t<\/div>\n\t\t\t\t<\/div>\n\t\t<div class=\"elementor-element elementor-element-be5e179 e-flex e-con-boxed e-con e-parent\" data-id=\"be5e179\" data-element_type=\"container\" data-settings=\"{&quot;background_background&quot;:&quot;gradient&quot;}\">\n\t\t\t\t\t<div class=\"e-con-inner\">\n\t\t<div class=\"elementor-element elementor-element-c85dd16 e-con-full e-flex e-con e-child\" data-id=\"c85dd16\" data-element_type=\"container\">\n\t\t\t\t<div class=\"elementor-element elementor-element-2d9202b elementor-widget elementor-widget-image-box\" data-id=\"2d9202b\" data-element_type=\"widget\" data-widget_type=\"image-box.default\">\n\t\t\t\t<div class=\"elementor-widget-container\">\n\t\t\t<div class=\"elementor-image-box-wrapper\"><div class=\"elementor-image-box-content\"><h5 class=\"elementor-image-box-title\"><a href=\"#flugzeug\">Avion<\/a><\/h5><p class=\"elementor-image-box-description\">A\u00e9roport de Luxembourg-Findel\n<br>\nA\u00e9roport de Francfort-Hahn\n<\/p><\/div><\/div>\t\t<\/div>\n\t\t\t\t<\/div>\n\t\t\t\t<div class=\"elementor-element elementor-element-0a874fd elementor-widget-divider--view-line elementor-widget elementor-widget-divider\" data-id=\"0a874fd\" data-element_type=\"widget\" data-widget_type=\"divider.default\">\n\t\t\t\t<div class=\"elementor-widget-container\">\n\t\t\t\t\t<div class=\"elementor-divider\">\n\t\t\t<span class=\"elementor-divider-separator\">\n\t\t\t\t\t\t<\/span>\n\t\t<\/div>\n\t\t\t\t<\/div>\n\t\t\t\t<\/div>\n\t\t\t\t<div class=\"elementor-element elementor-element-487d157 elementor-widget elementor-widget-image-box\" data-id=\"487d157\" data-element_type=\"widget\" data-widget_type=\"image-box.default\">\n\t\t\t\t<div class=\"elementor-widget-container\">\n\t\t\t<div class=\"elementor-image-box-wrapper\"><div class=\"elementor-image-box-content\"><h5 class=\"elementor-image-box-title\"><a href=\"#bahn\">Chemin de fer<\/a><\/h5><p class=\"elementor-image-box-description\">Gare centrale de Tr\u00e8ves<\/p><\/div><\/div>\t\t<\/div>\n\t\t\t\t<\/div>\n\t\t\t\t<div class=\"elementor-element elementor-element-d7c4591 elementor-widget-divider--view-line elementor-widget elementor-widget-divider\" data-id=\"d7c4591\" data-element_type=\"widget\" data-widget_type=\"divider.default\">\n\t\t\t\t<div class=\"elementor-widget-container\">\n\t\t\t\t\t<div class=\"elementor-divider\">\n\t\t\t<span class=\"elementor-divider-separator\">\n\t\t\t\t\t\t<\/span>\n\t\t<\/div>\n\t\t\t\t<\/div>\n\t\t\t\t<\/div>\n\t\t\t\t<div class=\"elementor-element elementor-element-3514736 elementor-widget elementor-widget-image-box\" data-id=\"3514736\" data-element_type=\"widget\" data-widget_type=\"image-box.default\">\n\t\t\t\t<div class=\"elementor-widget-container\">\n\t\t\t<div class=\"elementor-image-box-wrapper\"><div class=\"elementor-image-box-content\"><h5 class=\"elementor-image-box-title\"><a href=\"#bahnhofbus\">Depuis la gare en bus<\/a><\/h5><p class=\"elementor-image-box-description\">ligne 3 &amp; ligne 8 ou ligne 2<\/p><\/div><\/div>\t\t<\/div>\n\t\t\t\t<\/div>\n\t\t\t\t<\/div>\n\t\t<div class=\"elementor-element elementor-element-095bc1d e-con-full e-flex e-con e-child\" data-id=\"095bc1d\" data-element_type=\"container\">\n\t\t\t\t<div class=\"elementor-element elementor-element-60589cd elementor-widget elementor-widget-google_maps\" data-id=\"60589cd\" data-element_type=\"widget\" data-widget_type=\"google_maps.default\">\n\t\t\t\t<div class=\"elementor-widget-container\">\n\t\t\t\t\t<div class=\"elementor-custom-embed\">\n\t\t\t<iframe loading=\"lazy\"\n\t\t\t\t\tsrc=\"https:\/\/maps.google.com\/maps?q=ERA%20Converence%20Center%20Trier&#038;t=m&#038;z=8&#038;output=embed&#038;iwloc=near\"\n\t\t\t\t\ttitle=\"ERA Converence Center Trier\"\n\t\t\t\t\taria-label=\"ERA Converence Center Trier\"\n\t\t\t><\/iframe>\n\t\t<\/div>\n\t\t\t\t<\/div>\n\t\t\t\t<\/div>\n\t\t\t\t<\/div>\n\t\t<div class=\"elementor-element elementor-element-bd8d9ff e-con-full e-flex e-con e-child\" data-id=\"bd8d9ff\" data-element_type=\"container\" data-settings=\"{&quot;background_background&quot;:&quot;classic&quot;}\">\n\t\t\t\t<div class=\"elementor-element elementor-element-548e1ee elementor-widget elementor-widget-image-box\" data-id=\"548e1ee\" data-element_type=\"widget\" data-widget_type=\"image-box.default\">\n\t\t\t\t<div class=\"elementor-widget-container\">\n\t\t\t<div class=\"elementor-image-box-wrapper\"><div class=\"elementor-image-box-content\"><h5 class=\"elementor-image-box-title\"><a href=\"#auto\">Voiture<\/a><\/h5><p class=\"elementor-image-box-description\">Garage souterrain ERA<\/p><\/div><\/div>\t\t<\/div>\n\t\t\t\t<\/div>\n\t\t\t\t<div class=\"elementor-element elementor-element-efc7463 elementor-widget-divider--view-line elementor-widget elementor-widget-divider\" data-id=\"efc7463\" data-element_type=\"widget\" data-widget_type=\"divider.default\">\n\t\t\t\t<div class=\"elementor-widget-container\">\n\t\t\t\t\t<div class=\"elementor-divider\">\n\t\t\t<span class=\"elementor-divider-separator\">\n\t\t\t\t\t\t<\/span>\n\t\t<\/div>\n\t\t\t\t<\/div>\n\t\t\t\t<\/div>\n\t\t\t\t<div class=\"elementor-element elementor-element-d02118e elementor-widget elementor-widget-image-box\" data-id=\"d02118e\" data-element_type=\"widget\" data-widget_type=\"image-box.default\">\n\t\t\t\t<div class=\"elementor-widget-container\">\n\t\t\t<div class=\"elementor-image-box-wrapper\"><div class=\"elementor-image-box-content\"><h5 class=\"elementor-image-box-title\"><a href=\"#bus\">Bus<\/a><\/h5><p class=\"elementor-image-box-description\">A\u00e9roport de Francfort\/Main - Gare centrale de Tr\u00e8ves\n<\/p><\/div><\/div>\t\t<\/div>\n\t\t\t\t<\/div>\n\t\t\t\t<div class=\"elementor-element elementor-element-bd838b0 elementor-widget-divider--view-line elementor-widget elementor-widget-divider\" data-id=\"bd838b0\" data-element_type=\"widget\" data-widget_type=\"divider.default\">\n\t\t\t\t<div class=\"elementor-widget-container\">\n\t\t\t\t\t<div class=\"elementor-divider\">\n\t\t\t<span class=\"elementor-divider-separator\">\n\t\t\t\t\t\t<\/span>\n\t\t<\/div>\n\t\t\t\t<\/div>\n\t\t\t\t<\/div>\n\t\t\t\t<div class=\"elementor-element elementor-element-c013035 elementor-widget elementor-widget-image-box\" data-id=\"c013035\" data-element_type=\"widget\" data-widget_type=\"image-box.default\">\n\t\t\t\t<div class=\"elementor-widget-container\">\n\t\t\t<div class=\"elementor-image-box-wrapper\"><div class=\"elementor-image-box-content\"><h5 class=\"elementor-image-box-title\"><a href=\"#bahnhoffuss\">Depuis la gare \u00e0 pied<\/a><\/h5><p class=\"elementor-image-box-description\">Le trajet \u00e0 pied jusqu'\u00e0 l'ERA est d'environ 15 minutes.<\/p><\/div><\/div>\t\t<\/div>\n\t\t\t\t<\/div>\n\t\t\t\t<\/div>\n\t\t\t\t\t<\/div>\n\t\t\t\t<\/div>\n\t\t<div class=\"elementor-element elementor-element-81b28bc e-flex e-con-boxed e-con e-parent\" data-id=\"81b28bc\" data-element_type=\"container\" data-settings=\"{&quot;background_background&quot;:&quot;classic&quot;}\">\n\t\t\t\t\t<div class=\"e-con-inner\">\n\t\t<div class=\"elementor-element elementor-element-dec12b4 e-flex e-con-boxed e-con e-child\" data-id=\"dec12b4\" data-element_type=\"container\" data-settings=\"{&quot;background_background&quot;:&quot;classic&quot;}\">\n\t\t\t\t\t<div class=\"e-con-inner\">\n\t\t\t\t<div class=\"elementor-element elementor-element-4cb7b5f elementor-widget elementor-widget-menu-anchor\" data-id=\"4cb7b5f\" data-element_type=\"widget\" data-widget_type=\"menu-anchor.default\">\n\t\t\t\t<div class=\"elementor-widget-container\">\n\t\t\t\t\t<div class=\"elementor-menu-anchor\" id=\"auto\"><\/div>\n\t\t\t\t<\/div>\n\t\t\t\t<\/div>\n\t\t\t\t<div class=\"elementor-element elementor-element-36af571 elementor-widget elementor-widget-heading\" data-id=\"36af571\" data-element_type=\"widget\" data-widget_type=\"heading.default\">\n\t\t\t\t<div class=\"elementor-widget-container\">\n\t\t\t<h2 class=\"elementor-heading-title elementor-size-default\">En voiture<\/h2>\t\t<\/div>\n\t\t\t\t<\/div>\n\t\t\t\t\t<\/div>\n\t\t\t\t<\/div>\n\t\t<div class=\"elementor-element elementor-element-2912a85 e-con-full e-flex e-con e-child\" data-id=\"2912a85\" data-element_type=\"container\">\n\t\t\t\t<div class=\"elementor-element elementor-element-e53c94a elementor-widget elementor-widget-text-editor\" data-id=\"e53c94a\" data-element_type=\"widget\" data-widget_type=\"text-editor.default\">\n\t\t\t\t<div class=\"elementor-widget-container\">\n\t\t\t\t\t\t\t<div id=\"main-content\">\n<article id=\"post-113\" class=\"post-113 page type-page status-publish hentry\">\n<div class=\"entry-content\">\n<div class=\"et-l et-l--post\">\n<div class=\"et_builder_inner_content et_pb_gutters3\">\n<div class=\"et_pb_section et_pb_section_1 et_section_regular\">\n<div class=\"et_pb_row et_pb_row_1\">\n<div class=\"et_pb_column et_pb_column_4_4 et_pb_column_1 et_pb_css_mix_blend_mode_passthrough et-last-child\">\n<div class=\"et_pb_module et_pb_accordion et_pb_accordion_0\">\n<div class=\"et_pb_toggle et_pb_module et_pb_accordion_item et_pb_accordion_item_5 et_pb_toggle_open\">\n<div class=\"et_pb_toggle_content clearfix\">\n<p>Des liaisons autorouti\u00e8res relient au Luxembourg, \u00e0 Li\u00e8ge, Cologne, Coblence et Sarrebruck. Vous pouvez vous garer dans le parking <a href=\"https:\/\/www.google.de\/maps\/dir\/\/Vienna+House+Parking,+Metzer+Allee,+54295+Trier\/@49.7453138,6.6438582,176m\/data=!3m1!1e3!4m18!1m8!3m7!1s0x47957bbede29533f:0x1047b171c2a1f9ad!2sVienna+House+Parking!8m2!3d49.7451439!4d6.6439223!15sCg5FUkEgVGllZmdhcmFnZZIBDnBhcmtpbmdfZ2FyYWdl4AEA!16s%2Fg%2F11h3spx2ts!4m8!1m0!1m5!1m1!1s0x47957bbede29533f:0x1047b171c2a1f9ad!2m2!1d6.6439223!2d49.7451439!3e1?entry=ttu\" target=\"_blank\" rel=\"noopener\">souterrain de l&#8217;ERA. <\/a><\/p>\n<p><strong>En provenance de Coblence\/Sarrebruck\/Kaiserslautern (A48\/A1)<\/strong>, continuer tout droit \u00e0 la sortie de l&#8217;autoroute jusqu&#8217;\u00e0 la Moseluferstra\u00dfe (ne pas prendre la sortie Trier-Verteilerkreis\/Trier-Nord), puis continuer le long de la Moselle jusqu&#8217;au pont R\u00f6merbr\u00fccke (deuxi\u00e8me pont sur la Moselle) ; imm\u00e9diatement apr\u00e8s le pont R\u00f6merbr\u00fccke, tourner \u00e0 gauche dans la S\u00fcdallee. A partir d&#8217;ici, suivre les panneaux &#8220;Zentrum\/Mariahof\/ERA\/ECC&#8221;. \u00c0 hauteur des Kaiserthermen, la route m\u00e8ne \u00e0 un rond-point : quitter \u00e0 droite en direction de Mariahof. Au premier feu, tourner \u00e0 droite, puis imm\u00e9diatement \u00e0 gauche. C&#8217;est ici que se trouve l&#8217;entr\u00e9e du parking souterrain de l&#8217;ERA, qui peut accueillir 42 v\u00e9hicules.<\/p>\n<p><strong>En provenance de Cologne\/Bitbourg (A64\/B51)<\/strong>, traverser la Moselle par le pont Kaiser-Wilhelm. Prendre la file de droite en direction du &#8220;Zentrum&#8221; sur la Moseluferstra\u00dfe, continuer jusqu&#8217;au deuxi\u00e8me pont sur la Moselle (R\u00f6merbr\u00fccke). Imm\u00e9diatement apr\u00e8s le pont R\u00f6merbr\u00fccke, tourner \u00e0 gauche dans la S\u00fcdallee. A partir d&#8217;ici, suivre les panneaux &#8220;Zentrum\/Mariahof\/ERA\/ECC&#8221;. \u00c0 hauteur des Kaiserthermen, la route m\u00e8ne \u00e0 un rond-point : quitter \u00e0 droite en direction de Mariahof. Au premier feu, tourner \u00e0 droite, puis imm\u00e9diatement \u00e0 gauche. C&#8217;est ici que se trouve l&#8217;entr\u00e9e du parking souterrain de l&#8217;ERA, qui peut accueillir 42 v\u00e9hicules.<\/p>\n<\/div>\n<\/div>\n<\/div>\n<\/div>\n<\/div>\n<\/div>\n<\/div>\n<\/div>\n<\/div>\n<\/article>\n<\/div>\n\t\t\t\t\t\t<\/div>\n\t\t\t\t<\/div>\n\t\t\t\t<\/div>\n\t\t\t\t\t<\/div>\n\t\t\t\t<\/div>\n\t\t<div class=\"elementor-element elementor-element-bd6f83e e-flex e-con-boxed e-con e-parent\" data-id=\"bd6f83e\" data-element_type=\"container\">\n\t\t\t\t\t<div class=\"e-con-inner\">\n\t\t<div class=\"elementor-element elementor-element-a05cd6a e-flex e-con-boxed e-con e-child\" data-id=\"a05cd6a\" data-element_type=\"container\" data-settings=\"{&quot;background_background&quot;:&quot;classic&quot;}\">\n\t\t\t\t\t<div class=\"e-con-inner\">\n\t\t\t\t<div class=\"elementor-element elementor-element-8968dbb elementor-widget elementor-widget-menu-anchor\" data-id=\"8968dbb\" data-element_type=\"widget\" data-widget_type=\"menu-anchor.default\">\n\t\t\t\t<div class=\"elementor-widget-container\">\n\t\t\t\t\t<div class=\"elementor-menu-anchor\" id=\"avion\"><\/div>\n\t\t\t\t<\/div>\n\t\t\t\t<\/div>\n\t\t\t\t<div class=\"elementor-element elementor-element-19d8920 elementor-widget elementor-widget-heading\" data-id=\"19d8920\" data-element_type=\"widget\" data-widget_type=\"heading.default\">\n\t\t\t\t<div class=\"elementor-widget-container\">\n\t\t\t<h2 class=\"elementor-heading-title elementor-size-default\">En avion<\/h2>\t\t<\/div>\n\t\t\t\t<\/div>\n\t\t\t\t\t<\/div>\n\t\t\t\t<\/div>\n\t\t<div class=\"elementor-element elementor-element-35cb3d1 e-con-full e-flex e-con e-child\" data-id=\"35cb3d1\" data-element_type=\"container\">\n\t\t\t\t<div class=\"elementor-element elementor-element-8beff74 elementor-widget elementor-widget-text-editor\" data-id=\"8beff74\" data-element_type=\"widget\" data-widget_type=\"text-editor.default\">\n\t\t\t\t<div class=\"elementor-widget-container\">\n\t\t\t\t\t\t\t<p><a href=\"https:\/\/www.lux-airport.lu\/de\/\" target=\"_blank\" rel=\"noopener\">A\u00e9roport de Luxembourg-Findel<\/a><br \/>L&#8217;a\u00e9roport de Luxembourg se trouve \u00e0 seulement 30 minutes d&#8217;autoroute de Tr\u00e8ves. Veuillez informer votre agence de voyage de cette liaison a\u00e9rienne.<\/p>\n<p><a href=\"http:\/\/www.luxair.lu\/\" target=\"_blank\" rel=\"noopener\">A\u00e9roport de Francfort-Hahn<\/a><br \/>Vous pouvez \u00e9galement rejoindre Tr\u00e8ves en 50 minutes en navette depuis l&#8217;a\u00e9roport allemand le plus proche, Francfort-Hahn.<\/p>\n\t\t\t\t\t\t<\/div>\n\t\t\t\t<\/div>\n\t\t\t\t<\/div>\n\t\t\t\t\t<\/div>\n\t\t\t\t<\/div>\n\t\t<div class=\"elementor-element elementor-element-dcedf94 e-flex e-con-boxed e-con e-parent\" data-id=\"dcedf94\" data-element_type=\"container\" data-settings=\"{&quot;background_background&quot;:&quot;classic&quot;}\">\n\t\t\t\t\t<div class=\"e-con-inner\">\n\t\t<div class=\"elementor-element elementor-element-2bdf17c e-flex e-con-boxed e-con e-child\" data-id=\"2bdf17c\" data-element_type=\"container\" data-settings=\"{&quot;background_background&quot;:&quot;classic&quot;}\">\n\t\t\t\t\t<div class=\"e-con-inner\">\n\t\t\t\t<div class=\"elementor-element elementor-element-2a85029 elementor-widget elementor-widget-menu-anchor\" data-id=\"2a85029\" data-element_type=\"widget\" data-widget_type=\"menu-anchor.default\">\n\t\t\t\t<div class=\"elementor-widget-container\">\n\t\t\t\t\t<div class=\"elementor-menu-anchor\" id=\"chemindefer\"><\/div>\n\t\t\t\t<\/div>\n\t\t\t\t<\/div>\n\t\t\t\t<div class=\"elementor-element elementor-element-9b0110d elementor-widget elementor-widget-heading\" data-id=\"9b0110d\" data-element_type=\"widget\" data-widget_type=\"heading.default\">\n\t\t\t\t<div class=\"elementor-widget-container\">\n\t\t\t<h2 class=\"elementor-heading-title elementor-size-default\">En train<\/h2>\t\t<\/div>\n\t\t\t\t<\/div>\n\t\t\t\t\t<\/div>\n\t\t\t\t<\/div>\n\t\t<div class=\"elementor-element elementor-element-9bf8ee5 e-con-full e-flex e-con e-child\" data-id=\"9bf8ee5\" data-element_type=\"container\">\n\t\t\t\t<div class=\"elementor-element elementor-element-6ad0a2d elementor-widget elementor-widget-text-editor\" data-id=\"6ad0a2d\" data-element_type=\"widget\" data-widget_type=\"text-editor.default\">\n\t\t\t\t<div class=\"elementor-widget-container\">\n\t\t\t\t\t\t\t<div class=\"et_pb_toggle et_pb_module et_pb_accordion_item et_pb_accordion_item_1 et_pb_toggle_open\">\n<div class=\"et_pb_toggle_content clearfix\">\n<p>Depuis de nombreuses villes allemandes et europ\u00e9ennes, vous pouvez \u00e9galement vous rendre facilement \u00e0 Tr\u00e8ves en train.<br \/>Informations sur les liaisons ferroviaires sous <a href=\"http:\/\/www.bahn.de\/p\/view\/index.shtml\" target=\"_blank\" rel=\"noopener\">www.bahn.de <\/a><\/p>\n<\/div>\n<\/div>\n\t\t\t\t\t\t<\/div>\n\t\t\t\t<\/div>\n\t\t\t\t<\/div>\n\t\t\t\t\t<\/div>\n\t\t\t\t<\/div>\n\t\t<div class=\"elementor-element elementor-element-12e7971 e-flex e-con-boxed e-con e-parent\" data-id=\"12e7971\" data-element_type=\"container\">\n\t\t\t\t\t<div class=\"e-con-inner\">\n\t\t<div class=\"elementor-element elementor-element-2e3d8c0 e-flex e-con-boxed e-con e-child\" data-id=\"2e3d8c0\" data-element_type=\"container\" data-settings=\"{&quot;background_background&quot;:&quot;classic&quot;}\">\n\t\t\t\t\t<div class=\"e-con-inner\">\n\t\t\t\t<div class=\"elementor-element elementor-element-058a0eb elementor-widget elementor-widget-menu-anchor\" data-id=\"058a0eb\" data-element_type=\"widget\" data-widget_type=\"menu-anchor.default\">\n\t\t\t\t<div class=\"elementor-widget-container\">\n\t\t\t\t\t<div class=\"elementor-menu-anchor\" id=\"bus\"><\/div>\n\t\t\t\t<\/div>\n\t\t\t\t<\/div>\n\t\t\t\t<div class=\"elementor-element elementor-element-0e35266 elementor-widget elementor-widget-heading\" data-id=\"0e35266\" data-element_type=\"widget\" data-widget_type=\"heading.default\">\n\t\t\t\t<div class=\"elementor-widget-container\">\n\t\t\t<h2 class=\"elementor-heading-title elementor-size-default\">En bus<\/h2>\t\t<\/div>\n\t\t\t\t<\/div>\n\t\t\t\t\t<\/div>\n\t\t\t\t<\/div>\n\t\t<div class=\"elementor-element elementor-element-cc5efbd e-con-full e-flex e-con e-child\" data-id=\"cc5efbd\" data-element_type=\"container\">\n\t\t\t\t<div class=\"elementor-element elementor-element-04852f8 elementor-widget elementor-widget-text-editor\" data-id=\"04852f8\" data-element_type=\"widget\" data-widget_type=\"text-editor.default\">\n\t\t\t\t<div class=\"elementor-widget-container\">\n\t\t\t\t\t\t\t<div class=\"et_pb_toggle et_pb_module et_pb_accordion_item et_pb_accordion_item_2 et_pb_toggle_open\">\n<div class=\"et_pb_toggle_content clearfix\">\n<p>Navettes de bus entre l&#8217;a\u00e9roport de Francfort\/Main et la gare centrale de Tr\u00e8ves<br \/><a href=\"https:\/\/www.flixbus.de\/fernbus\/trier\" target=\"_blank\" rel=\"noopener\">www.flixbus.de<\/a><\/p>\n<\/div>\n<\/div>\n\t\t\t\t\t\t<\/div>\n\t\t\t\t<\/div>\n\t\t\t\t<\/div>\n\t\t\t\t\t<\/div>\n\t\t\t\t<\/div>\n\t\t<div class=\"elementor-element elementor-element-56316a1 e-flex e-con-boxed e-con e-parent\" data-id=\"56316a1\" data-element_type=\"container\" data-settings=\"{&quot;background_background&quot;:&quot;classic&quot;}\">\n\t\t\t\t\t<div class=\"e-con-inner\">\n\t\t<div class=\"elementor-element elementor-element-b15ae37 e-flex e-con-boxed e-con e-child\" data-id=\"b15ae37\" data-element_type=\"container\" data-settings=\"{&quot;background_background&quot;:&quot;classic&quot;}\">\n\t\t\t\t\t<div class=\"e-con-inner\">\n\t\t\t\t<div class=\"elementor-element elementor-element-96d4556 elementor-widget elementor-widget-menu-anchor\" data-id=\"96d4556\" data-element_type=\"widget\" data-widget_type=\"menu-anchor.default\">\n\t\t\t\t<div class=\"elementor-widget-container\">\n\t\t\t\t\t<div class=\"elementor-menu-anchor\" id=\"bahnhofbus\"><\/div>\n\t\t\t\t<\/div>\n\t\t\t\t<\/div>\n\t\t\t\t<div class=\"elementor-element elementor-element-3ba9bfb elementor-widget elementor-widget-heading\" data-id=\"3ba9bfb\" data-element_type=\"widget\" data-widget_type=\"heading.default\">\n\t\t\t\t<div class=\"elementor-widget-container\">\n\t\t\t<h2 class=\"elementor-heading-title elementor-size-default\">Depuis la gare en bus<\/h2>\t\t<\/div>\n\t\t\t\t<\/div>\n\t\t\t\t\t<\/div>\n\t\t\t\t<\/div>\n\t\t<div class=\"elementor-element elementor-element-d64e988 e-con-full e-flex e-con e-child\" data-id=\"d64e988\" data-element_type=\"container\">\n\t\t\t\t<div class=\"elementor-element elementor-element-e30359b elementor-widget elementor-widget-text-editor\" data-id=\"e30359b\" data-element_type=\"widget\" data-widget_type=\"text-editor.default\">\n\t\t\t\t<div class=\"elementor-widget-container\">\n\t\t\t\t\t\t\t<div class=\"et_pb_toggle et_pb_module et_pb_accordion_item et_pb_accordion_item_3 et_pb_toggle_open\">\n<div class=\"et_pb_toggle_content clearfix\">\n<p>Prendre la <strong> ligne 3 <\/strong> jusqu&#8217;au Treviris-Passage, puis changer et prendre la ligne 8 (direction Mariahof) jusqu&#8217;\u00e0 <strong> l&#8217;ERA.<\/strong> La ligne 8 s&#8217;arr\u00eate juste devant l&#8217;h\u00f4tel Vienna House Easy et l&#8217;ERA (arr\u00eat Bernhardstra\u00dfe).<\/p>\n<p>Alternativement, prendre la <strong>ligne 2<\/strong> \u00e0 partir de la gare centrale en <strong>direction de Heiligkreuz<\/strong> jusqu&#8217;\u00e0 l&#8217;arr\u00eat <strong>Bernhardstra\u00dfe,<\/strong><strong> <\/strong>juste devant l&#8217;ERA.<br \/>Le week-end, prendre la ligne 82 jusqu&#8217;\u00e0 l&#8217;arr\u00eat Bernhardstra\u00dfe, juste devant l&#8217;ERA.<\/p>\n<\/div>\n<\/div>\n\t\t\t\t\t\t<\/div>\n\t\t\t\t<\/div>\n\t\t\t\t<\/div>\n\t\t\t\t\t<\/div>\n\t\t\t\t<\/div>\n\t\t<div class=\"elementor-element elementor-element-6462798 e-flex e-con-boxed e-con e-parent\" data-id=\"6462798\" data-element_type=\"container\">\n\t\t\t\t\t<div class=\"e-con-inner\">\n\t\t<div class=\"elementor-element elementor-element-775429b e-flex e-con-boxed e-con e-child\" data-id=\"775429b\" data-element_type=\"container\" data-settings=\"{&quot;background_background&quot;:&quot;classic&quot;}\">\n\t\t\t\t\t<div class=\"e-con-inner\">\n\t\t\t\t<div class=\"elementor-element elementor-element-b935362 elementor-widget elementor-widget-menu-anchor\" data-id=\"b935362\" data-element_type=\"widget\" data-widget_type=\"menu-anchor.default\">\n\t\t\t\t<div class=\"elementor-widget-container\">\n\t\t\t\t\t<div class=\"elementor-menu-anchor\" id=\"bahnhoffuss\"><\/div>\n\t\t\t\t<\/div>\n\t\t\t\t<\/div>\n\t\t\t\t<div class=\"elementor-element elementor-element-e4f1ffe elementor-widget elementor-widget-heading\" data-id=\"e4f1ffe\" data-element_type=\"widget\" data-widget_type=\"heading.default\">\n\t\t\t\t<div class=\"elementor-widget-container\">\n\t\t\t<h2 class=\"elementor-heading-title elementor-size-default\">Depuis la gare \u00e0 pied<\/h2>\t\t<\/div>\n\t\t\t\t<\/div>\n\t\t\t\t\t<\/div>\n\t\t\t\t<\/div>\n\t\t<div class=\"elementor-element elementor-element-efdda2f e-con-full e-flex e-con e-child\" data-id=\"efdda2f\" data-element_type=\"container\">\n\t\t\t\t<div class=\"elementor-element elementor-element-a55a195 elementor-widget elementor-widget-text-editor\" data-id=\"a55a195\" data-element_type=\"widget\" data-widget_type=\"text-editor.default\">\n\t\t\t\t<div class=\"elementor-widget-container\">\n\t\t\t\t\t\t\t<div class=\"et_pb_toggle et_pb_module et_pb_accordion_item et_pb_accordion_item_4 et_pb_toggle_open\">\n<div class=\"et_pb_toggle_content clearfix\">\n<p>Le <a href=\"https:\/\/www.google.de\/maps\/dir\/Hauptbahnhof+-+Trier,+Trier\/ERA+Conference+Centre\/@49.7516473,6.6356531,2809m\/data=!3m2!1e3!4b1!4m14!4m13!1m5!1m1!1s0x47957c88c7cc120d:0x434023e3fe30d509!2m2!1d6.6518711!2d49.7574295!1m5!1m1!1s0x47957b7d0cbb8b81:0x54a7fcb5f5eb7b88!2m2!1d6.6436667!2d49.7448501!3e2?entry=ttu\">trajet \u00e0 pied de la gare centrale \u00e0 l&#8217;ERA<\/a> est d&#8217;environ 15 minutes.<\/p>\n<p><a href=\"https:\/\/www.google.de\/maps\/dir\/S%C3%BCdbahnhof+-+Trier,+Trier-S%C3%BCd\/ERA+Conference+Centre\/@49.7463875,6.6342305,1405m\/data=!3m2!1e3!4b1!4m14!4m13!1m5!1m1!1s0x47957b618c3a611f:0x1126490b329a25ca!2m2!1d6.635004!2d49.745362!1m5!1m1!1s0x47957b7d0cbb8b81:0x54a7fcb5f5eb7b88!2m2!1d6.6436667!2d49.7448501!3e2?entry=ttu\">De la gare du sud,<\/a> environ 5 minutes<\/p>\n<\/div>\n<\/div>\n\t\t\t\t\t\t<\/div>\n\t\t\t\t<\/div>\n\t\t\t\t<\/div>\n\t\t\t\t\t<\/div>\n\t\t\t\t<\/div>\n\t\t\t\t<\/div>\n\t\t","protected":false},"excerpt":{"rendered":"<p>Acc\u00e8s &amp; parking Comment se rendre \u00e0 l&#8217;\u00e9v\u00e9nement et o\u00f9 se garer ? Avion A\u00e9roport de Luxembourg-Findel A\u00e9roport de Francfort-Hahn Chemin de fer Gare centrale de Tr\u00e8ves Depuis la gare en bus ligne 3 &amp; ligne 8 ou ligne 2 Sie sehen gerade einen Platzhalterinhalt von Google Maps. Um auf den eigentlichen Inhalt zuzugreifen, klicken [&hellip;]<\/p>\n","protected":false},"author":1,"featured_media":0,"parent":0,"menu_order":0,"comment_status":"closed","ping_status":"closed","template":"","meta":{"site-sidebar-layout":"no-sidebar","site-content-layout":"page-builder","ast-site-content-layout":"full-width-container","site-content-style":"unboxed","site-sidebar-style":"unboxed","ast-global-header-display":"","ast-banner-title-visibility":"","ast-main-header-display":"","ast-hfb-above-header-display":"","ast-hfb-below-header-display":"","ast-hfb-mobile-header-display":"","site-post-title":"disabled","ast-breadcrumbs-content":"","ast-featured-img":"disabled","footer-sml-layout":"","theme-transparent-header-meta":"disabled","adv-header-id-meta":"","stick-header-meta":"","header-above-stick-meta":"","header-main-stick-meta":"","header-below-stick-meta":"","astra-migrate-meta-layouts":"default","ast-page-background-enabled":"default","ast-page-background-meta":{"desktop":{"background-color":"","background-image":"","background-repeat":"repeat","background-position":"center center","background-size":"auto","background-attachment":"scroll","background-type":"","background-media":"","overlay-type":"","overlay-color":"","overlay-opacity":"","overlay-gradient":""},"tablet":{"background-color":"","background-image":"","background-repeat":"repeat","background-position":"center center","background-size":"auto","background-attachment":"scroll","background-type":"","background-media":"","overlay-type":"","overlay-color":"","overlay-opacity":"","overlay-gradient":""},"mobile":{"background-color":"","background-image":"","background-repeat":"repeat","background-position":"center center","background-size":"auto","background-attachment":"scroll","background-type":"","background-media":"","overlay-type":"","overlay-color":"","overlay-opacity":"","overlay-gradient":""}},"ast-content-background-meta":{"desktop":{"background-color":"var(--ast-global-color-5)","background-image":"","background-repeat":"repeat","background-position":"center center","background-size":"auto","background-attachment":"scroll","background-type":"","background-media":"","overlay-type":"","overlay-color":"","overlay-opacity":"","overlay-gradient":""},"tablet":{"background-color":"var(--ast-global-color-5)","background-image":"","background-repeat":"repeat","background-position":"center center","background-size":"auto","background-attachment":"scroll","background-type":"","background-media":"","overlay-type":"","overlay-color":"","overlay-opacity":"","overlay-gradient":""},"mobile":{"background-color":"var(--ast-global-color-5)","background-image":"","background-repeat":"repeat","background-position":"center center","background-size":"auto","background-attachment":"scroll","background-type":"","background-media":"","overlay-type":"","overlay-color":"","overlay-opacity":"","overlay-gradient":""}},"footnotes":""},"class_list":["post-2167","page","type-page","status-publish","hentry"],"_links":{"self":[{"href":"https:\/\/wasserstoffkongress-grossregion.net\/fr\/wp-json\/wp\/v2\/pages\/2167","targetHints":{"allow":["GET"]}}],"collection":[{"href":"https:\/\/wasserstoffkongress-grossregion.net\/fr\/wp-json\/wp\/v2\/pages"}],"about":[{"href":"https:\/\/wasserstoffkongress-grossregion.net\/fr\/wp-json\/wp\/v2\/types\/page"}],"author":[{"embeddable":true,"href":"https:\/\/wasserstoffkongress-grossregion.net\/fr\/wp-json\/wp\/v2\/users\/1"}],"replies":[{"embeddable":true,"href":"https:\/\/wasserstoffkongress-grossregion.net\/fr\/wp-json\/wp\/v2\/comments?post=2167"}],"version-history":[{"count":15,"href":"https:\/\/wasserstoffkongress-grossregion.net\/fr\/wp-json\/wp\/v2\/pages\/2167\/revisions"}],"predecessor-version":[{"id":2675,"href":"https:\/\/wasserstoffkongress-grossregion.net\/fr\/wp-json\/wp\/v2\/pages\/2167\/revisions\/2675"}],"wp:attachment":[{"href":"https:\/\/wasserstoffkongress-grossregion.net\/fr\/wp-json\/wp\/v2\/media?parent=2167"}],"curies":[{"name":"wp","href":"https:\/\/api.w.org\/{rel}","templated":true}]}}